{"id":2906,"date":"2021-04-27T15:11:54","date_gmt":"2021-04-27T13:11:54","guid":{"rendered":"https:\/\/arem.it\/?page_id=2906"},"modified":"2026-08-03T17:44:04","modified_gmt":"2026-08-03T15:44:04","slug":"eco-sostenibilita","status":"publish","type":"page","link":"https:\/\/arem.it\/it\/eco-sostenibilita\/","title":{"rendered":"Eco-sostenibilit\u00e0"},"content":{"rendered":"\n<div class=\"wp-block-group\"><div class=\"wp-block-group__inner-container is-layout-flow wp-block-group-is-layout-flow\">\n<p class=\"has-large-font-size wp-block-paragraph\"><strong><em><span style=\"color:#00a306\" class=\"has-inline-color\">Struttura<\/span><\/em><\/strong><\/p>\n\n\n\n<div class=\"wp-block-columns is-layout-flex wp-container-core-columns-is-layout-8f761849 wp-block-columns-is-layout-flex\">\n<div class=\"wp-block-column is-layout-flow wp-block-column-is-layout-flow\" style=\"flex-basis:100%\">\n<div class=\"wp-block-columns is-layout-flex wp-container-core-columns-is-layout-8f761849 wp-block-columns-is-layout-flex\">\n<div class=\"wp-block-column is-layout-flow wp-block-column-is-layout-flow\" style=\"flex-basis:100%\">\n<div class=\"wp-block-columns is-layout-flex wp-container-core-columns-is-layout-8f761849 wp-block-columns-is-layout-flex\">\n<div class=\"wp-block-column is-layout-flow wp-block-column-is-layout-flow\" style=\"flex-basis:50%\">\n<p class=\"wp-block-paragraph\">Dal 2018 siamo impegnati in un&#8217;attivit\u00e0 di transizione ecologica. Cerchiamo la massimizzazione dell\u2019efficienza energetica: <strong>i 2 fabbricati sono dotati 3 differenti impianti fotovoltaici con pannelli in grado di produrre l&#8217;energia elettrica sufficiente per l\u2019autoconsumo.\u00a0<\/strong><\/p>\n\n\n\n<p class=\"wp-block-paragraph\">Cerchiamo soluzioni tali da aumentare l\u2019impronta ecologica su tutto il complesso anche grazie alla sostituzione che abbiamo realizzato di gran parte degli infissi a miglior efficienza energetica e il passaggio all&#8217;illuminazione a Led di basso consumo in tutta l&#8217;area produttiva.\u00a0<\/p>\n\n\n\n<p class=\"wp-block-paragraph\">La struttura \u00e8 stata aggiornata secondo le norme antisismiche, \u00e8 dotata di attrezzature e scaffalature antisismiche per garantire la sicurezza totale dei dipendenti e la continuit\u00e0 di servizio ai nostri clienti.&nbsp;&nbsp;<\/p>\n\n\n\n<p class=\"wp-block-paragraph\">Disponiamo di un\u2019auto elettriche che ricaricano  le batterie grazie all&#8217;impianto fotovoltaico.\u00a0<strong>Continuiamo questa missione con la consapevolezza di rendere un futuro migliore.<\/strong><\/p>\n\n\n\n<p class=\"wp-block-paragraph\">Nel 2026 abbiamo investito in batterie di accumulo che ci permettono di essere ancora pi\u00f9 indipendenti energeticamente.<\/p>\n<\/div>\n\n\n\n<div class=\"wp-block-column is-layout-flow wp-block-column-is-layout-flow\" style=\"flex-basis:50%\">\n<figure class=\"wp-block-image size-large\"><img loading=\"lazy\" decoding=\"async\" width=\"1024\" height=\"390\" src=\"https:\/\/arem.it\/wp-content\/uploads\/2021\/05\/3-1024x390.png\" alt=\"\" class=\"wp-image-2921\" srcset=\"https:\/\/arem.it\/wp-content\/uploads\/2021\/05\/3-1024x390.png 1024w, https:\/\/arem.it\/wp-content\/uploads\/2021\/05\/3-300x114.png 300w, https:\/\/arem.it\/wp-content\/uploads\/2021\/05\/3-768x292.png 768w, https:\/\/arem.it\/wp-content\/uploads\/2021\/05\/3-1536x585.png 1536w, https:\/\/arem.it\/wp-content\/uploads\/2021\/05\/3-2048x780.png 2048w\" sizes=\"auto, (max-width: 1024px) 100vw, 1024px\" \/><\/figure>\n<\/div>\n<\/div>\n<\/div>\n<\/div>\n<\/div>\n<\/div>\n<\/div><\/div>\n\n\n\n<p class=\"wp-block-paragraph\">&#8230;&#8230;&#8230;&#8230;&#8230;&#8230;&#8230;&#8230;&#8230;&#8230;&#8230;&#8230;&#8230;&#8230;&#8230;&#8230;&#8230;&#8230;&#8230;&#8230;&#8230;&#8230;&#8230;&#8230;&#8230;&#8230;&#8230;&#8230;&#8230;&#8230;&#8230;&#8230;&#8230;&#8230;&#8230;&#8230;&#8230;&#8230;&#8230;&#8230;&#8230;&#8230;&#8230;&#8230;&#8230;&#8230;&#8230;&#8230;&#8230;&#8230;&#8230;&#8230;&#8230;&#8230;&#8230;&#8230;&#8230;&#8230;&#8230;&#8230;&#8230;&#8230;&#8230;&#8230;&#8230;&#8230;&#8230;&#8230;&#8230;&#8230;&#8230;&#8230;&#8230;&#8230;&#8230;&#8230;&#8230;.<\/p>\n\n\n\n<div class=\"wp-block-columns is-layout-flex wp-container-core-columns-is-layout-8f761849 wp-block-columns-is-layout-flex\">\n<div class=\"wp-block-column is-layout-flow wp-block-column-is-layout-flow\"><div class=\"wp-block-image\">\n<figure class=\"alignright size-large\"><img loading=\"lazy\" decoding=\"async\" width=\"225\" height=\"225\" src=\"https:\/\/arem.it\/wp-content\/uploads\/2021\/05\/cotton-organic.png\" alt=\"\" class=\"wp-image-2929\" srcset=\"https:\/\/arem.it\/wp-content\/uploads\/2021\/05\/cotton-organic.png 225w, https:\/\/arem.it\/wp-content\/uploads\/2021\/05\/cotton-organic-150x150.png 150w\" sizes=\"auto, (max-width: 225px) 100vw, 225px\" \/><\/figure>\n<\/div><\/div>\n\n\n\n<div class=\"wp-block-column is-layout-flow wp-block-column-is-layout-flow\">\n<p class=\"has-large-font-size wp-block-paragraph\"><strong><em><span style=\"color:#0ca300\" class=\"has-inline-color\">Prodotti<\/span><\/em><\/strong><\/p>\n\n\n\n<p class=\"wp-block-paragraph\">Molti prodotti sono in fase di sostituzione graduale con tessuti e filati organici eco-sostenibili, certificati.<\/p>\n\n\n\n<p class=\"wp-block-paragraph\"><em><a href=\"https:\/\/aremitaliashop.com\/it\/patch-speciali\/860-87982-patch-in-tessuto-organico-art-p102.html#\/51-quantita-200_pezzi\" target=\"_blank\" rel=\"noreferrer noopener\">VEDI PRODOTTI<\/a><\/em><\/p>\n<\/div>\n\n\n\n<div class=\"wp-block-column is-layout-flow wp-block-column-is-layout-flow\"><div class=\"wp-block-image\">\n<figure class=\"alignleft size-large\"><img loading=\"lazy\" decoding=\"async\" width=\"200\" height=\"200\" src=\"https:\/\/arem.it\/wp-content\/uploads\/2021\/05\/Ecocert-Certificati-tessuti-organici-ed-ecologici-e1620397685536.png\" alt=\"\" class=\"wp-image-2935\"\/><\/figure>\n<\/div><\/div>\n<\/div>\n\n\n\n<p class=\"wp-block-paragraph\">&#8230;&#8230;&#8230;&#8230;&#8230;&#8230;&#8230;&#8230;&#8230;&#8230;&#8230;&#8230;&#8230;&#8230;&#8230;&#8230;&#8230;&#8230;&#8230;&#8230;&#8230;&#8230;&#8230;&#8230;&#8230;&#8230;&#8230;&#8230;&#8230;&#8230;&#8230;&#8230;&#8230;&#8230;&#8230;&#8230;&#8230;&#8230;&#8230;&#8230;&#8230;&#8230;&#8230;&#8230;&#8230;&#8230;&#8230;&#8230;&#8230;&#8230;&#8230;&#8230;&#8230;&#8230;&#8230;&#8230;&#8230;&#8230;&#8230;&#8230;&#8230;&#8230;&#8230;&#8230;&#8230;&#8230;&#8230;&#8230;&#8230;&#8230;&#8230;&#8230;&#8230;&#8230;&#8230;&#8230;&#8230;.<\/p>\n\n\n\n<p class=\"has-large-font-size wp-block-paragraph\"><strong><em><span style=\"color:#00a306\" class=\"has-inline-color\">Logistica<\/span><\/em><\/strong><\/p>\n\n\n\n<div class=\"wp-block-columns is-layout-flex wp-container-core-columns-is-layout-8f761849 wp-block-columns-is-layout-flex\">\n<div class=\"wp-block-column is-layout-flow wp-block-column-is-layout-flow\" style=\"flex-basis:100%\">\n<div class=\"wp-block-columns is-layout-flex wp-container-core-columns-is-layout-8f761849 wp-block-columns-is-layout-flex\">\n<div class=\"wp-block-column is-layout-flow wp-block-column-is-layout-flow\" style=\"flex-basis:100%\">\n<div class=\"wp-block-columns is-layout-flex wp-container-core-columns-is-layout-8f761849 wp-block-columns-is-layout-flex\">\n<div class=\"wp-block-column is-layout-flow wp-block-column-is-layout-flow\" style=\"flex-basis:50%\">\n<p class=\"wp-block-paragraph\">Da inizio 2021 abbiamo iniziato ad eliminare le buste in nylon con cui si confezionano i capi di abbigliamento, sostituendole con un minimo imballo in cartone riciclato.<\/p>\n\n\n\n<p class=\"wp-block-paragraph\">Il nostro apprezzato servizio di imbusto \u00e8 stato sostituito dal confezionamento dei capi, singolarmente o a gruppi, <strong>in fasce di cartone riciclato<\/strong> per mantenere sempre una presentazione ottimale dei prodotti.<\/p>\n\n\n\n<p class=\"wp-block-paragraph\">A completare il servizio utilizziamo <strong>scotch in carta 100% riciclabile.<\/strong>&nbsp;&nbsp;<\/p>\n\n\n\n<p class=\"wp-block-paragraph\">Quando non si pu\u00f2 fare a meno delle buste queste sono state sostituite da prodotti in PET, materia sintetica riciclabile al 100% e che sta gradatamente prendendo il posto di molti imballaggi in tutti i settori.<\/p>\n\n\n\n<p class=\"wp-block-paragraph\"><em><a rel=\"noreferrer noopener\" href=\"https:\/\/youtu.be\/Kt7iT-dZKzE\" target=\"_blank\">GUARDA VIDEO!<\/a><\/em><\/p>\n<\/div>\n\n\n\n<div class=\"wp-block-column is-layout-flow wp-block-column-is-layout-flow\" style=\"flex-basis:50%\">\n<figure class=\"wp-block-image size-large\"><img loading=\"lazy\" decoding=\"async\" width=\"600\" height=\"350\" src=\"https:\/\/arem.it\/wp-content\/uploads\/2021\/05\/packaging-ecosostenibile.jpg\" alt=\"\" class=\"wp-image-2940\" srcset=\"https:\/\/arem.it\/wp-content\/uploads\/2021\/05\/packaging-ecosostenibile.jpg 600w, https:\/\/arem.it\/wp-content\/uploads\/2021\/05\/packaging-ecosostenibile-300x175.jpg 300w\" sizes=\"auto, (max-width: 600px) 100vw, 600px\" \/><\/figure>\n<\/div>\n<\/div>\n<\/div>\n<\/div>\n\n\n\n<p class=\"wp-block-paragraph\">&#8230;&#8230;&#8230;&#8230;&#8230;&#8230;&#8230;&#8230;&#8230;&#8230;&#8230;&#8230;&#8230;&#8230;&#8230;&#8230;&#8230;&#8230;&#8230;&#8230;&#8230;&#8230;&#8230;&#8230;&#8230;&#8230;&#8230;&#8230;&#8230;&#8230;&#8230;&#8230;&#8230;&#8230;&#8230;&#8230;&#8230;&#8230;&#8230;&#8230;&#8230;&#8230;&#8230;&#8230;&#8230;&#8230;&#8230;&#8230;&#8230;&#8230;&#8230;&#8230;&#8230;&#8230;&#8230;&#8230;&#8230;&#8230;&#8230;&#8230;&#8230;&#8230;&#8230;&#8230;&#8230;&#8230;&#8230;&#8230;&#8230;&#8230;&#8230;&#8230;&#8230;&#8230;&#8230;&#8230;&#8230;.<\/p>\n\n\n\n<h1 class=\"wp-block-heading has-text-align-right\"><strong><em><mark style=\"background-color:rgba(0, 0, 0, 0);color:#00a306\" class=\"has-inline-color\">Filati in poliestere riciclato<\/mark><\/em><\/strong><\/h1>\n\n\n\n<div class=\"wp-block-columns is-layout-flex wp-container-core-columns-is-layout-8f761849 wp-block-columns-is-layout-flex\">\n<div class=\"wp-block-column is-layout-flow wp-block-column-is-layout-flow\" style=\"flex-basis:50%\">\n<figure class=\"wp-block-gallery has-nested-images columns-default is-cropped wp-block-gallery-1 is-layout-flex wp-block-gallery-is-layout-flex\">\n<figure class=\"wp-block-image size-large\"><img loading=\"lazy\" decoding=\"async\" width=\"1023\" height=\"639\" data-id=\"3462\" src=\"https:\/\/arem.it\/wp-content\/uploads\/2022\/10\/filato-poliestere-riciclato-edited.jpg\" alt=\"\" class=\"wp-image-3462\" srcset=\"https:\/\/arem.it\/wp-content\/uploads\/2022\/10\/filato-poliestere-riciclato-edited.jpg 1023w, https:\/\/arem.it\/wp-content\/uploads\/2022\/10\/filato-poliestere-riciclato-edited-300x187.jpg 300w, https:\/\/arem.it\/wp-content\/uploads\/2022\/10\/filato-poliestere-riciclato-edited-768x480.jpg 768w\" sizes=\"auto, (max-width: 1023px) 100vw, 1023px\" \/><\/figure>\n<\/figure>\n<\/div>\n\n\n\n<div class=\"wp-block-column is-layout-flow wp-block-column-is-layout-flow\" style=\"flex-basis:50%\">\n<p class=\"wp-block-paragraph\">Arem Italia utilizza <em><mark style=\"background-color:rgba(0, 0, 0, 0);color:#02a81a\" class=\"has-inline-color\">Polyneon Green<\/mark><\/em>, un nuovo filato per ricamo a macchina accuratamente progettato per abbigliamento da lavoro e altri progetti che devono resistere all&#8217;usura in modo pi\u00f9 sostenibile.<\/p>\n\n\n\n<ul class=\"wp-block-list\">\n<li>realizzato con bottiglie in PET post-consumo riciclate;<\/li>\n\n\n\n<li>100% poliestere riciclato GRS;<\/li>\n\n\n\n<li>gamma di 108 colori lucenti e resistenti;<\/li>\n\n\n\n<li>stessa alta qualit\u00e0 dei filati Polyneon;<\/li>\n\n\n\n<li>adatto a tutti i loghi;<\/li>\n\n\n\n<li>privo di sostanze nocive e certificato per l&#8217;uso su articoli per bambini;&nbsp;<\/li>\n\n\n\n<li>riutilizza rifiuti di plastica, risparmia risorse.<\/li>\n<\/ul>\n\n\n\n<p class=\"wp-block-paragraph\">Questo filato da ricamo in materiale riciclato \u00e8 una soluzione brillante per prodotti tessili pi\u00f9 ecologici e rientra nella transizione verso un&#8217;economia circolare.<\/p>\n\n\n\n<p class=\"wp-block-paragraph\"><em><a href=\"https:\/\/arem.it\/it\/2022\/10\/06\/filo-per-ricamo-100-poliestere-riciclato-grs\/\" target=\"_blank\" rel=\"noreferrer noopener\">SCOPRI DI PIU&#8217; <\/a><\/em><\/p>\n<\/div>\n<\/div>\n<\/div>\n<\/div>\n","protected":false},"excerpt":{"rendered":"<p>Struttura Dal 2018 siamo impegnati in un&#8217;attivit\u00e0 di transizione ecologica. Cerchiamo la massimizzazione dell\u2019efficienza energetica: i 2 fabbricati sono dotati 3 differenti impianti fotovoltaici con pannelli in grado di produrre l&#8217;energia elettrica sufficiente per l\u2019autoconsumo.\u00a0 Cerchiamo soluzioni tali da aumentare l\u2019impronta ecologica su tutto il complesso anche grazie alla sostituzione che abbiamo realizzato di gran [&#8230;]<\/p>\n<p><a class=\"btn btn-secondary understrap-read-more-link\" href=\"https:\/\/arem.it\/it\/eco-sostenibilita\/\">Leggi di pi\u00f9&#8230;<\/a><\/p>\n","protected":false},"author":2,"featured_media":0,"parent":0,"menu_order":0,"comment_status":"closed","ping_status":"closed","template":"","meta":{"ngg_post_thumbnail":0,"footnotes":""},"class_list":["post-2906","page","type-page","status-publish","hentry"],"acf":[],"_links":{"self":[{"href":"https:\/\/arem.it\/it\/wp-json\/wp\/v2\/pages\/2906","targetHints":{"allow":["GET"]}}],"collection":[{"href":"https:\/\/arem.it\/it\/wp-json\/wp\/v2\/pages"}],"about":[{"href":"https:\/\/arem.it\/it\/wp-json\/wp\/v2\/types\/page"}],"author":[{"embeddable":true,"href":"https:\/\/arem.it\/it\/wp-json\/wp\/v2\/users\/2"}],"replies":[{"embeddable":true,"href":"https:\/\/arem.it\/it\/wp-json\/wp\/v2\/comments?post=2906"}],"version-history":[{"count":31,"href":"https:\/\/arem.it\/it\/wp-json\/wp\/v2\/pages\/2906\/revisions"}],"predecessor-version":[{"id":5497,"href":"https:\/\/arem.it\/it\/wp-json\/wp\/v2\/pages\/2906\/revisions\/5497"}],"wp:attachment":[{"href":"https:\/\/arem.it\/it\/wp-json\/wp\/v2\/media?parent=2906"}],"curies":[{"name":"wp","href":"https:\/\/api.w.org\/{rel}","templated":true}]}}