{"id":528,"date":"2019-02-21T15:45:33","date_gmt":"2019-02-21T14:45:33","guid":{"rendered":"http:\/\/arem.it.staging.guermandi.it\/?page_id=528"},"modified":"2019-05-31T16:31:08","modified_gmt":"2019-05-31T14:31:08","slug":"la-storia","status":"publish","type":"page","link":"https:\/\/arem.it\/it\/chi-siamo\/la-storia\/","title":{"rendered":"La Storia"},"content":{"rendered":"\n<h2 class=\"wp-block-heading\">1979<\/h2>\n\n\n\n<hr class=\"wp-block-separator\"\/>\n\n\n\n<div class=\"wp-block-columns has-3-columns is-layout-flex wp-container-core-columns-is-layout-8f761849 wp-block-columns-is-layout-flex\">\n<div class=\"wp-block-column is-layout-flow wp-block-column-is-layout-flow\">\n<p class=\"wp-block-paragraph\"><strong>Il 31 Maggio 1979 <\/strong>nasceva a San Giovanni in Persiceto, in provincia di Bologna il \u201cRicamificio Enza\u201d con oggetto <em>Produzione Ricami Smerli e Confezioni<\/em> con sede in via Marzabotto N.3\/B, la cui titolare Enza Braglia, con professionalit\u00e0 e competenza, realizzava il sogno di un\u2019azienda dinamica che potesse soddisfare le richieste del settore tessile e della moda a quei tempi in rapida ascesa.<\/p>\n<\/div>\n\n\n\n<div class=\"wp-block-column is-layout-flow wp-block-column-is-layout-flow\">\n<figure class=\"wp-block-image\"><img loading=\"lazy\" decoding=\"async\" width=\"640\" height=\"480\" src=\"http:\/\/arem.it.staging.guermandi.it\/wp-content\/uploads\/2019\/02\/macchina-ricamatrice-marco-anno-70.jpg\" alt=\"\" class=\"wp-image-538\" srcset=\"https:\/\/arem.it\/wp-content\/uploads\/2019\/02\/macchina-ricamatrice-marco-anno-70.jpg 640w, https:\/\/arem.it\/wp-content\/uploads\/2019\/02\/macchina-ricamatrice-marco-anno-70-300x225.jpg 300w\" sizes=\"auto, (max-width: 640px) 100vw, 640px\" \/><\/figure>\n<\/div>\n\n\n\n<div class=\"wp-block-column is-layout-flow wp-block-column-is-layout-flow\">\n<figure class=\"wp-block-image\"><img loading=\"lazy\" decoding=\"async\" width=\"640\" height=\"480\" src=\"http:\/\/arem.it.staging.guermandi.it\/wp-content\/uploads\/2019\/02\/pulitura-e-ripasso-ricami-1981.jpg\" alt=\"\" class=\"wp-image-540\" srcset=\"https:\/\/arem.it\/wp-content\/uploads\/2019\/02\/pulitura-e-ripasso-ricami-1981.jpg 640w, https:\/\/arem.it\/wp-content\/uploads\/2019\/02\/pulitura-e-ripasso-ricami-1981-300x225.jpg 300w\" sizes=\"auto, (max-width: 640px) 100vw, 640px\" \/><\/figure>\n<\/div>\n<\/div>\n\n\n\n<h2 class=\"wp-block-heading\" style=\"text-align:right\">1979 &#8211; 1988<\/h2>\n\n\n\n<hr class=\"wp-block-separator\"\/>\n\n\n\n<div class=\"wp-block-columns has-3-columns is-layout-flex wp-container-core-columns-is-layout-8f761849 wp-block-columns-is-layout-flex\">\n<div class=\"wp-block-column is-layout-flow wp-block-column-is-layout-flow\">\n<figure class=\"wp-block-image\"><img loading=\"lazy\" decoding=\"async\" width=\"640\" height=\"480\" src=\"http:\/\/arem.it.staging.guermandi.it\/wp-content\/uploads\/2019\/02\/riavvolgitore-bandina-in-cartone-jacquard-anni-70.jpg\" alt=\"\" class=\"wp-image-542\" srcset=\"https:\/\/arem.it\/wp-content\/uploads\/2019\/02\/riavvolgitore-bandina-in-cartone-jacquard-anni-70.jpg 640w, https:\/\/arem.it\/wp-content\/uploads\/2019\/02\/riavvolgitore-bandina-in-cartone-jacquard-anni-70-300x225.jpg 300w\" sizes=\"auto, (max-width: 640px) 100vw, 640px\" \/><\/figure>\n\n\n\n<figure class=\"wp-block-image\"><img loading=\"lazy\" decoding=\"async\" width=\"640\" height=\"480\" src=\"http:\/\/arem.it.staging.guermandi.it\/wp-content\/uploads\/2019\/02\/macchina-ricamo-barudan-anni-80.jpg\" alt=\"\" class=\"wp-image-548\" srcset=\"https:\/\/arem.it\/wp-content\/uploads\/2019\/02\/macchina-ricamo-barudan-anni-80.jpg 640w, https:\/\/arem.it\/wp-content\/uploads\/2019\/02\/macchina-ricamo-barudan-anni-80-300x225.jpg 300w\" sizes=\"auto, (max-width: 640px) 100vw, 640px\" \/><\/figure>\n<\/div>\n\n\n\n<div class=\"wp-block-column is-layout-flow wp-block-column-is-layout-flow\">\n<figure class=\"wp-block-image\"><img loading=\"lazy\" decoding=\"async\" width=\"640\" height=\"480\" src=\"http:\/\/arem.it.staging.guermandi.it\/wp-content\/uploads\/2019\/02\/macchina-ricamo-zsk-anni-70.jpg\" alt=\"\" class=\"wp-image-544\" srcset=\"https:\/\/arem.it\/wp-content\/uploads\/2019\/02\/macchina-ricamo-zsk-anni-70.jpg 640w, https:\/\/arem.it\/wp-content\/uploads\/2019\/02\/macchina-ricamo-zsk-anni-70-300x225.jpg 300w\" sizes=\"auto, (max-width: 640px) 100vw, 640px\" \/><\/figure>\n\n\n\n<figure class=\"wp-block-image\"><img loading=\"lazy\" decoding=\"async\" width=\"640\" height=\"480\" src=\"http:\/\/arem.it.staging.guermandi.it\/wp-content\/uploads\/2019\/02\/ufficio-punciatura-impianti-e-bandine.jpg\" alt=\"\" class=\"wp-image-550\" srcset=\"https:\/\/arem.it\/wp-content\/uploads\/2019\/02\/ufficio-punciatura-impianti-e-bandine.jpg 640w, https:\/\/arem.it\/wp-content\/uploads\/2019\/02\/ufficio-punciatura-impianti-e-bandine-300x225.jpg 300w\" sizes=\"auto, (max-width: 640px) 100vw, 640px\" \/><\/figure>\n<\/div>\n\n\n\n<div class=\"wp-block-column is-layout-flow wp-block-column-is-layout-flow\">\n<p class=\"wp-block-paragraph\">Inizialmente l\u2019attivit\u00e0 si\nsvolgeva \u201csotto casa\u201d in modo artigianale,\nin pochi anni si passa da 1 a 5\nmacchine ricamatrici automatiche modelli \u201cZSK\u201d e \u201cMarco\u201d, dapprima ad 1 colore\ne, dal 1985, vengono introdotte le\nmacchine ricamatrici &nbsp;fino a 5 colori, i dipendenti aumentano da 1 a\n6.&nbsp;<br>\n<strong>Dal 1986<\/strong>&nbsp;alla titolare Enza Braglia\nsi affianca il marito Dott. Rag. Angelo\nGiovannini, che si dedica sia alla produzione che all\u2019amministrazione\nportando in azienda le sue competenze e la sua professionalit\u00e0. <\/p>\n\n\n\n<p class=\"wp-block-paragraph\">Inizialmente gli impianti per le macchine ricamatrici erano realizzati\ncon sistema \u201cjacquard\u201d presso una ditta esterna ed erano costituiti da un\nrotolo di cartone forato con codici.<\/p>\n\n\n\n<p class=\"wp-block-paragraph\"><strong>Dal 1987<\/strong>,\ncon l\u2019acquisto del software per impianti di ricamo&nbsp;<strong>\u201dGmi Stilista 2000\u201d<\/strong>&nbsp;(il massimo del software di quel periodo),\nsi iniziano a produrre gli impianti per ricamo internamente, sotto\nforma prima di bandine sottili perforate, pi\u00f9 evolute del cartone jacquard, e\ndal 1990 con i dischetti \u201chard disk\u201d.&nbsp;&nbsp;I nuovi disegni diventano sempre pi\u00f9 richiesti dai clienti che\normai sanno bene che il Ricamificio Enza \u00e8 capace di soddisfare ogni loro\nesigenza. <\/p>\n\n\n\n<p class=\"wp-block-paragraph\">Il lavoro si espande nel settore moda, maglifici, pronto moda, confezioni, si iniziano a produrre\nricami su maglieria, ricami su taschini per moda\/bimbo, ricami su tagliato,\ntutti a pi\u00f9 colori con cambio filo automatico, e non pi\u00f9 manuale, con lotti di produzione sempre maggiori.<\/p>\n\n\n\n<p class=\"wp-block-paragraph\"><br><\/p>\n<\/div>\n<\/div>\n\n\n\n<h2 class=\"wp-block-heading\">1988 &#8211; 1991<\/h2>\n\n\n\n<hr class=\"wp-block-separator\"\/>\n\n\n\n<div class=\"wp-block-columns has-3-columns is-layout-flex wp-container-core-columns-is-layout-8f761849 wp-block-columns-is-layout-flex\">\n<div class=\"wp-block-column is-layout-flow wp-block-column-is-layout-flow\">\n<p class=\"wp-block-paragraph\"><strong>Dal novembre 1988<\/strong> il Ricamificio Enza trasloca in via Modena 48, sempre a San Giovanni in Persiceto, in uno spazio pi\u00f9\u2019 ampio affittando un capannone di 700 mq in cui si sposta la produzione di ricami e l\u2019ufficio di impianti per ricamo<strong>.<\/strong><\/p>\n\n\n\n<p class=\"wp-block-paragraph\"><strong>Nel 1989<\/strong>, entra a far parte dell\u2019organico Monica Giovannini, figlia dei\ntitolari, occupandosi del reparto impianti. Lo sviluppo non conosce sosta, ed\nentro pochi mesi dal trasloco, si aggiungono altre 2 macchine da ricamo\nautomatiche innovative a 9 colori con rasafilo automatico e campo grande\nformato, successivamente nel 1991 una Tajima 24 teste per produzioni in serie\ndi patches ricamati. <\/p>\n<\/div>\n\n\n\n<div class=\"wp-block-column is-layout-flow wp-block-column-is-layout-flow\">\n<figure class=\"wp-block-image\"><img loading=\"lazy\" decoding=\"async\" width=\"640\" height=\"480\" src=\"http:\/\/arem.it.staging.guermandi.it\/wp-content\/uploads\/2019\/02\/laboratorio-ricami-anno-1991.jpg\" alt=\"\" class=\"wp-image-563\" srcset=\"https:\/\/arem.it\/wp-content\/uploads\/2019\/02\/laboratorio-ricami-anno-1991.jpg 640w, https:\/\/arem.it\/wp-content\/uploads\/2019\/02\/laboratorio-ricami-anno-1991-300x225.jpg 300w\" sizes=\"auto, (max-width: 640px) 100vw, 640px\" \/><\/figure>\n\n\n\n<figure class=\"wp-block-image\"><img loading=\"lazy\" decoding=\"async\" width=\"640\" height=\"480\" src=\"http:\/\/arem.it.staging.guermandi.it\/wp-content\/uploads\/2019\/02\/catalogo-1995-gile-trapuntato-ricamato.jpg\" alt=\"\" class=\"wp-image-567\" srcset=\"https:\/\/arem.it\/wp-content\/uploads\/2019\/02\/catalogo-1995-gile-trapuntato-ricamato.jpg 640w, https:\/\/arem.it\/wp-content\/uploads\/2019\/02\/catalogo-1995-gile-trapuntato-ricamato-300x225.jpg 300w\" sizes=\"auto, (max-width: 640px) 100vw, 640px\" \/><\/figure>\n<\/div>\n\n\n\n<div class=\"wp-block-column is-layout-flow wp-block-column-is-layout-flow\">\n<figure class=\"wp-block-image\"><img loading=\"lazy\" decoding=\"async\" width=\"640\" height=\"480\" src=\"http:\/\/arem.it.staging.guermandi.it\/wp-content\/uploads\/2019\/02\/ufficio-amministrazione-e-bollettazione.jpg\" alt=\"\" class=\"wp-image-565\" srcset=\"https:\/\/arem.it\/wp-content\/uploads\/2019\/02\/ufficio-amministrazione-e-bollettazione.jpg 640w, https:\/\/arem.it\/wp-content\/uploads\/2019\/02\/ufficio-amministrazione-e-bollettazione-300x225.jpg 300w\" sizes=\"auto, (max-width: 640px) 100vw, 640px\" \/><\/figure>\n\n\n\n<figure class=\"wp-block-image\"><img loading=\"lazy\" decoding=\"async\" width=\"640\" height=\"480\" src=\"http:\/\/arem.it.staging.guermandi.it\/wp-content\/uploads\/2019\/02\/catalogo-arem-1996-polo-cappellini.jpg\" alt=\"\" class=\"wp-image-569\" srcset=\"https:\/\/arem.it\/wp-content\/uploads\/2019\/02\/catalogo-arem-1996-polo-cappellini.jpg 640w, https:\/\/arem.it\/wp-content\/uploads\/2019\/02\/catalogo-arem-1996-polo-cappellini-300x225.jpg 300w\" sizes=\"auto, (max-width: 640px) 100vw, 640px\" \/><\/figure>\n<\/div>\n<\/div>\n\n\n\n<h2 class=\"wp-block-heading\" style=\"text-align:right\">1991 &#8211; 1998<\/h2>\n\n\n\n<hr class=\"wp-block-separator\"\/>\n\n\n\n<div class=\"wp-block-columns has-3-columns is-layout-flex wp-container-core-columns-is-layout-8f761849 wp-block-columns-is-layout-flex\">\n<div class=\"wp-block-column is-layout-flow wp-block-column-is-layout-flow\">\n<figure class=\"wp-block-image\"><img loading=\"lazy\" decoding=\"async\" width=\"640\" height=\"480\" src=\"http:\/\/arem.it.staging.guermandi.it\/wp-content\/uploads\/2019\/02\/anno-1992-ricami-su-taschini.jpg\" alt=\"\" class=\"wp-image-575\" srcset=\"https:\/\/arem.it\/wp-content\/uploads\/2019\/02\/anno-1992-ricami-su-taschini.jpg 640w, https:\/\/arem.it\/wp-content\/uploads\/2019\/02\/anno-1992-ricami-su-taschini-300x225.jpg 300w\" sizes=\"auto, (max-width: 640px) 100vw, 640px\" \/><\/figure>\n\n\n\n<figure class=\"wp-block-image\"><img loading=\"lazy\" decoding=\"async\" width=\"567\" height=\"425\" src=\"http:\/\/arem.it.staging.guermandi.it\/wp-content\/uploads\/2019\/02\/stand-fiera-visual-001.jpg\" alt=\"\" class=\"wp-image-579\" srcset=\"https:\/\/arem.it\/wp-content\/uploads\/2019\/02\/stand-fiera-visual-001.jpg 567w, https:\/\/arem.it\/wp-content\/uploads\/2019\/02\/stand-fiera-visual-001-300x225.jpg 300w\" sizes=\"auto, (max-width: 567px) 100vw, 567px\" \/><\/figure>\n<\/div>\n\n\n\n<div class=\"wp-block-column is-layout-flow wp-block-column-is-layout-flow\">\n<figure class=\"wp-block-image\"><img loading=\"lazy\" decoding=\"async\" width=\"640\" height=\"480\" src=\"http:\/\/arem.it.staging.guermandi.it\/wp-content\/uploads\/2019\/02\/macchina-ricamo-anni-90-per-cappellini.jpg\" alt=\"\" class=\"wp-image-577\" srcset=\"https:\/\/arem.it\/wp-content\/uploads\/2019\/02\/macchina-ricamo-anni-90-per-cappellini.jpg 640w, https:\/\/arem.it\/wp-content\/uploads\/2019\/02\/macchina-ricamo-anni-90-per-cappellini-300x225.jpg 300w\" sizes=\"auto, (max-width: 640px) 100vw, 640px\" \/><\/figure>\n\n\n\n<figure class=\"wp-block-image\"><img loading=\"lazy\" decoding=\"async\" width=\"640\" height=\"480\" src=\"http:\/\/arem.it.staging.guermandi.it\/wp-content\/uploads\/2019\/02\/personale-esperto-ricami-per-bambini.jpg\" alt=\"\" class=\"wp-image-581\" srcset=\"https:\/\/arem.it\/wp-content\/uploads\/2019\/02\/personale-esperto-ricami-per-bambini.jpg 640w, https:\/\/arem.it\/wp-content\/uploads\/2019\/02\/personale-esperto-ricami-per-bambini-300x225.jpg 300w\" sizes=\"auto, (max-width: 640px) 100vw, 640px\" \/><\/figure>\n<\/div>\n\n\n\n<div class=\"wp-block-column is-layout-flow wp-block-column-is-layout-flow\">\n<p class=\"wp-block-paragraph\"><strong>Il 1991<\/strong>&nbsp;vede la nascita di Arem Srl, azienda di produzione impianti di ricamo, nel 1994 vengono introdotte le prime 2 macchine per i ricami su cappellini per far fronte al boom di richieste di quegli anni e qualche anno dopo (1997) si costituisce Arem Due Srl,&nbsp;commerciale per vendita di cappellini personalizzati.<\/p>\n\n\n\n<p class=\"wp-block-paragraph\">\u00c8 nei primi degli anni \u201990 che\nArem raggiunge la cifra sbalorditiva\ndi 10 macchine ricamatrici, con un totale di 110 teste fra tutte le macchine,\ned i dipendenti arrivavano a 20, con lavoro a turni dalle 6 del mattino alle\n21.00 di sera<\/p>\n\n\n\n<p class=\"wp-block-paragraph\"><strong>Nel 1994, si aggrega allo staff anche il primogenito dei titolari Riccardo Giovannini<\/strong>, preparatissimo in economia, con una spiccata attitudine all\u2019attivit\u00e0 commerciale e di promozione prodotti. <\/p>\n\n\n\n<p class=\"wp-block-paragraph\">Riccardo crea quello che fino a quel momento era mancato in azienda, un ufficio commerciale interno, sua \u00e8 anche la scelta, dimostratasi vincente negli anni successivi, di partecipare a fiere di settori diversi da quello moda, ai clienti storici si aggiungono nuove realt\u00e0 da tutta Italia, e dai settori pi\u00f9 svariati come promozionale, sportivo, abbigliamento professionale\/da lavoro. Dopo fatturati in crescita per 15 anni consecutivi arriva la prima crisi:&nbsp; dopo il crollo dell\u2019ex URSS e l\u2019apertura dei mercati dell\u2019Europa dell\u2019est con le loro offerte di manodopera a basso costo, la produzione si dimezza ed i dipendenti rimangono in 14; ecco che allora Riccardo si trova di fronte ad un bivio: spostare la produzione nell\u2019est&nbsp; Europa a Bijala in Bulgaria, come hanno gi\u00e0 fatto altre aziende e clienti del settore, rimanendo terzisti e con manodopera pi\u00f9\u2019 a basso costo, oppure promuovere il Made in Italy e cercare nuovi clienti puntando su un\u2019assidua presenza nell\u2019ambito fieristico con lo scopo di rendere i prodotti Arem appetibili per l\u2019utilizzo in settori diversi dalla moda che ormai ha varcato il confine italiano.<\/p>\n\n\n\n<p class=\"wp-block-paragraph\"><strong>23-25 novembre 1994<\/strong> Riccardo e Angelo sono in Bulgaria, per prendere la decisione che avrebbe dato il nuovo imprinting all&#8217;azienda, e proprio l\u00e0, quando le scelte sembrano obbligate, che maturano la convinzione di continuare a promuovere il Made in Italy \u201da casa\u201d.<\/p>\n<\/div>\n<\/div>\n\n\n\n<h2 class=\"wp-block-heading\">1999 &#8211; 2005<\/h2>\n\n\n\n<hr class=\"wp-block-separator\"\/>\n\n\n\n<div class=\"wp-block-columns has-3-columns is-layout-flex wp-container-core-columns-is-layout-8f761849 wp-block-columns-is-layout-flex\">\n<div class=\"wp-block-column is-layout-flow wp-block-column-is-layout-flow\">\n<p class=\"wp-block-paragraph\">Grazie ad una veloce e costante ripresa, si pensa alla costruzione di un nuovo capannone pi\u00f9\u2019 tecnologico e funzionale.  <strong>L\u20198 Dicembre 1998 si inaugura la nuova sede<\/strong> in Via Newton 30, sempre a San Giovanni in Persiceto, nella nuova e pi\u00f9 servita zona industriale. Dal 2002 con l\u2019avvento dell\u2019euro inizia l\u2019esplorazione dei mercati esteri, con la partecipazione a Gennaio 2002 al PSI di Dusseldorf, la pi\u00f9\u2019 grande fiera al mondo del settore promozionale. Dopo pochi anni di fiere tra Dusseldorf e Stoccarda si consolida il rapporto con i clienti da tutta Europa. <strong>Dal 2004<\/strong> si decide di unificare le 3 aziende, incorporandole in una unica \u201cArem Due srl\u201d, nel frattempo anche il numero dei dipendenti \u00e8 cresciuto fino a 25. <\/p>\n\n\n\n<p class=\"wp-block-paragraph\"><strong>A fine gennaio 2006<\/strong>, si incrementano i macchinari con l\u2019impianto per taglio laser delle applicazioni tessute da abbinare ai ricami, con un ponte su 2 grandi macchine ricamatrici. Un\u2019innovazione tecnologica che ha permesso di elevare la qualit\u00e0\u2019 dei ricami e delle personalizzazioni in modo significativo e guadagnare un notevole vantaggio nei confronti dei competitors.<\/p>\n<\/div>\n\n\n\n<div class=\"wp-block-column is-layout-flow wp-block-column-is-layout-flow\">\n<figure class=\"wp-block-image\"><img loading=\"lazy\" decoding=\"async\" width=\"640\" height=\"480\" src=\"http:\/\/arem.it.staging.guermandi.it\/wp-content\/uploads\/2019\/02\/home.jpg\" alt=\"\" class=\"wp-image-585\" srcset=\"https:\/\/arem.it\/wp-content\/uploads\/2019\/02\/home.jpg 640w, https:\/\/arem.it\/wp-content\/uploads\/2019\/02\/home-300x225.jpg 300w\" sizes=\"auto, (max-width: 640px) 100vw, 640px\" \/><\/figure>\n\n\n\n<figure class=\"wp-block-image\"><img loading=\"lazy\" decoding=\"async\" width=\"640\" height=\"480\" src=\"http:\/\/arem.it.staging.guermandi.it\/wp-content\/uploads\/2019\/02\/grafiche-e-loghi-per-ricamo.jpg\" alt=\"\" class=\"wp-image-589\" srcset=\"https:\/\/arem.it\/wp-content\/uploads\/2019\/02\/grafiche-e-loghi-per-ricamo.jpg 640w, https:\/\/arem.it\/wp-content\/uploads\/2019\/02\/grafiche-e-loghi-per-ricamo-300x225.jpg 300w\" sizes=\"auto, (max-width: 640px) 100vw, 640px\" \/><\/figure>\n<\/div>\n\n\n\n<div class=\"wp-block-column is-layout-flow wp-block-column-is-layout-flow\">\n<figure class=\"wp-block-image\"><img loading=\"lazy\" decoding=\"async\" width=\"320\" height=\"240\" src=\"http:\/\/arem.it.staging.guermandi.it\/wp-content\/uploads\/2019\/02\/taglio-laser-tessuti-su-abbigliamento.jpg\" alt=\"\" class=\"wp-image-587\" srcset=\"https:\/\/arem.it\/wp-content\/uploads\/2019\/02\/taglio-laser-tessuti-su-abbigliamento.jpg 320w, https:\/\/arem.it\/wp-content\/uploads\/2019\/02\/taglio-laser-tessuti-su-abbigliamento-300x225.jpg 300w\" sizes=\"auto, (max-width: 320px) 100vw, 320px\" \/><\/figure>\n\n\n\n<figure class=\"wp-block-image\"><img loading=\"lazy\" decoding=\"async\" width=\"1024\" height=\"768\" src=\"http:\/\/arem.it.staging.guermandi.it\/wp-content\/uploads\/2019\/02\/campionario-1024x768.jpg\" alt=\"\" class=\"wp-image-592\" srcset=\"https:\/\/arem.it\/wp-content\/uploads\/2019\/02\/campionario-1024x768.jpg 1024w, https:\/\/arem.it\/wp-content\/uploads\/2019\/02\/campionario-300x225.jpg 300w, https:\/\/arem.it\/wp-content\/uploads\/2019\/02\/campionario-768x576.jpg 768w, https:\/\/arem.it\/wp-content\/uploads\/2019\/02\/campionario.jpg 1500w\" sizes=\"auto, (max-width: 1024px) 100vw, 1024px\" \/><\/figure>\n<\/div>\n<\/div>\n\n\n\n<h2 class=\"wp-block-heading\" style=\"text-align:right\">2006 &#8211; 2008<\/h2>\n\n\n\n<hr class=\"wp-block-separator\"\/>\n\n\n\n<div class=\"wp-block-columns has-3-columns is-layout-flex wp-container-core-columns-is-layout-8f761849 wp-block-columns-is-layout-flex\">\n<div class=\"wp-block-column is-layout-flow wp-block-column-is-layout-flow\">\n<figure class=\"wp-block-image\"><img loading=\"lazy\" decoding=\"async\" width=\"320\" height=\"240\" src=\"http:\/\/arem.it.staging.guermandi.it\/wp-content\/uploads\/2019\/02\/personalizzazioni-gonfaloni-comuni-su-seta.jpg\" alt=\"\" class=\"wp-image-596\" srcset=\"https:\/\/arem.it\/wp-content\/uploads\/2019\/02\/personalizzazioni-gonfaloni-comuni-su-seta.jpg 320w, https:\/\/arem.it\/wp-content\/uploads\/2019\/02\/personalizzazioni-gonfaloni-comuni-su-seta-300x225.jpg 300w\" sizes=\"auto, (max-width: 320px) 100vw, 320px\" \/><\/figure>\n\n\n\n<figure class=\"wp-block-image\"><img loading=\"lazy\" decoding=\"async\" width=\"640\" height=\"480\" src=\"http:\/\/arem.it.staging.guermandi.it\/wp-content\/uploads\/2019\/02\/395bis.jpg\" alt=\"\" class=\"wp-image-600\" srcset=\"https:\/\/arem.it\/wp-content\/uploads\/2019\/02\/395bis.jpg 640w, https:\/\/arem.it\/wp-content\/uploads\/2019\/02\/395bis-300x225.jpg 300w\" sizes=\"auto, (max-width: 640px) 100vw, 640px\" \/><\/figure>\n<\/div>\n\n\n\n<div class=\"wp-block-column is-layout-flow wp-block-column-is-layout-flow\">\n<figure class=\"wp-block-image\"><img loading=\"lazy\" decoding=\"async\" width=\"320\" height=\"240\" src=\"http:\/\/arem.it.staging.guermandi.it\/wp-content\/uploads\/2019\/02\/confezione-agremani-e-frange-su-gagliardetti.jpg\" alt=\"\" class=\"wp-image-598\" srcset=\"https:\/\/arem.it\/wp-content\/uploads\/2019\/02\/confezione-agremani-e-frange-su-gagliardetti.jpg 320w, https:\/\/arem.it\/wp-content\/uploads\/2019\/02\/confezione-agremani-e-frange-su-gagliardetti-300x225.jpg 300w\" sizes=\"auto, (max-width: 320px) 100vw, 320px\" \/><\/figure>\n\n\n\n<figure class=\"wp-block-image\"><img loading=\"lazy\" decoding=\"async\" width=\"640\" height=\"480\" src=\"http:\/\/arem.it.staging.guermandi.it\/wp-content\/uploads\/2019\/02\/abbigliamento-ricamo-stampa-vintage.jpg\" alt=\"\" class=\"wp-image-602\" srcset=\"https:\/\/arem.it\/wp-content\/uploads\/2019\/02\/abbigliamento-ricamo-stampa-vintage.jpg 640w, https:\/\/arem.it\/wp-content\/uploads\/2019\/02\/abbigliamento-ricamo-stampa-vintage-300x225.jpg 300w\" sizes=\"auto, (max-width: 640px) 100vw, 640px\" \/><\/figure>\n<\/div>\n\n\n\n<div class=\"wp-block-column is-layout-flow wp-block-column-is-layout-flow\">\n<p class=\"wp-block-paragraph\">La crescita costante ed imperterrita dal 1996, suggerisce ai titolari di espandersi ancora, comprando nel Marzo 2006 il capannone attiguo a quello costruito nel 1998, arrivando ad una superficie totale dell\u2019azienda di quasi 3000 mq. di cui 2000 coperti, mentre i dipendenti raggiungono ben le 36 unit\u00e0. Questo ampliamento ha permesso all\u2019azienda di diversificare l\u2019offerta di prodotti e servizi sul mercato arrivando a produrre anche gonfaloni comunali, stendardi religiosi e per associazioni, grazie all\u2019acquisto di una nuova macchina ricamatrice con campo grande per ricami di grandi dimensioni e di macchine per produrre e confezionare gagliardetti ricamati e stampati. L\u2019ampliamento continua con l\u2019acquisto di macchina per stampa serigrafica e digitale e macchina automatica per ripiego e imbusto capi. <\/p>\n<\/div>\n<\/div>\n\n\n\n<h2 class=\"wp-block-heading\">2009 &#8211; 2018<\/h2>\n\n\n\n<hr class=\"wp-block-separator\"\/>\n\n\n\n<p class=\"wp-block-paragraph\" style=\"text-align:left\">Ma\necco arrivare una seconda crisi causata dai\nmercati globali che dal Settembre 2008 porta\nad un calo di fatturato. Si decide di fermare momentaneamente l\u2019espansione sui mercati\neuropei e la partecipazione alle fiere internazionali. <\/p>\n\n\n\n<p class=\"wp-block-paragraph\">Dal 2013 la ripresa, <strong>Arem Italia srl<\/strong>, nuove fiere nazionali ed estere, nuovi prodotti e un\u2019offerta maggiore di servizi complementari.<\/p>\n\n\n\n<p class=\"wp-block-paragraph\"><strong>Il marchio Arem Italia \u00e8 ormai un brand <\/strong>conosciuto e apprezzato in tutto il mondo.&nbsp;La sfida dei fratelli Giovannini viene rilanciata pi\u00f9 forte che mai, pi\u00f9 qualit\u00e0, servizio e professionalit\u00e0 e un team di collaboratori sempre pi\u00f9 competente e preparato.<\/p>\n\n\n\n<div class=\"wp-block-columns has-2-columns is-layout-flex wp-container-core-columns-is-layout-8f761849 wp-block-columns-is-layout-flex\">\n<div class=\"wp-block-column is-layout-flow wp-block-column-is-layout-flow\">\n<figure class=\"wp-block-image\"><img loading=\"lazy\" decoding=\"async\" width=\"720\" height=\"540\" src=\"http:\/\/arem.it.staging.guermandi.it\/wp-content\/uploads\/2019\/02\/foto-cena-arem.jpg\" alt=\"\" class=\"wp-image-606\" srcset=\"https:\/\/arem.it\/wp-content\/uploads\/2019\/02\/foto-cena-arem.jpg 720w, https:\/\/arem.it\/wp-content\/uploads\/2019\/02\/foto-cena-arem-300x225.jpg 300w\" sizes=\"auto, (max-width: 720px) 100vw, 720px\" \/><\/figure>\n<\/div>\n\n\n\n<div class=\"wp-block-column is-layout-flow wp-block-column-is-layout-flow\">\n<figure class=\"wp-block-image\"><img loading=\"lazy\" decoding=\"async\" width=\"640\" height=\"480\" src=\"https:\/\/arem.it\/wp-content\/uploads\/2019\/05\/7.jpg\" alt=\"\" class=\"wp-image-1032\" srcset=\"https:\/\/arem.it\/wp-content\/uploads\/2019\/05\/7.jpg 640w, https:\/\/arem.it\/wp-content\/uploads\/2019\/05\/7-300x225.jpg 300w\" sizes=\"auto, (max-width: 640px) 100vw, 640px\" \/><\/figure>\n<\/div>\n<\/div>\n\n\n\n<h2 class=\"wp-block-heading\" style=\"text-align:center\">2019<\/h2>\n\n\n\n<hr class=\"wp-block-separator\"\/>\n\n\n\n<p class=\"wp-block-paragraph\">Arem Italia festeggia&nbsp;40 anni\ndi attivit\u00e0, sempre pronti ad offrire\nprofessionalit\u00e0 e innovazione, al fianco dei clienti, anche i pi\u00f9 esigenti, e\ncon la consolidata propensione ad essere aperti a nuove collaborazioni.<\/p>\n\n\n\n<p class=\"wp-block-paragraph\"><strong>La nostra storia \u00e8 la garanzia del nostro futuro.<\/strong><\/p>\n","protected":false},"excerpt":{"rendered":"<p>1979 Il 31 Maggio 1979 nasceva a San Giovanni in Persiceto, in provincia di Bologna il \u201cRicamificio Enza\u201d con oggetto Produzione Ricami Smerli e Confezioni con sede in via Marzabotto N.3\/B, la cui titolare Enza Braglia, con professionalit\u00e0 e competenza, realizzava il sogno di un\u2019azienda dinamica che potesse soddisfare le richieste del settore tessile e [&#8230;]<\/p>\n<p><a class=\"btn btn-secondary understrap-read-more-link\" href=\"https:\/\/arem.it\/it\/chi-siamo\/la-storia\/\">Leggi di pi\u00f9&#8230;<\/a><\/p>\n","protected":false},"author":1,"featured_media":0,"parent":40,"menu_order":0,"comment_status":"closed","ping_status":"closed","template":"","meta":{"ngg_post_thumbnail":0,"footnotes":""},"class_list":["post-528","page","type-page","status-publish","hentry"],"acf":[],"_links":{"self":[{"href":"https:\/\/arem.it\/it\/wp-json\/wp\/v2\/pages\/528","targetHints":{"allow":["GET"]}}],"collection":[{"href":"https:\/\/arem.it\/it\/wp-json\/wp\/v2\/pages"}],"about":[{"href":"https:\/\/arem.it\/it\/wp-json\/wp\/v2\/types\/page"}],"author":[{"embeddable":true,"href":"https:\/\/arem.it\/it\/wp-json\/wp\/v2\/users\/1"}],"replies":[{"embeddable":true,"href":"https:\/\/arem.it\/it\/wp-json\/wp\/v2\/comments?post=528"}],"version-history":[{"count":47,"href":"https:\/\/arem.it\/it\/wp-json\/wp\/v2\/pages\/528\/revisions"}],"predecessor-version":[{"id":1055,"href":"https:\/\/arem.it\/it\/wp-json\/wp\/v2\/pages\/528\/revisions\/1055"}],"up":[{"embeddable":true,"href":"https:\/\/arem.it\/it\/wp-json\/wp\/v2\/pages\/40"}],"wp:attachment":[{"href":"https:\/\/arem.it\/it\/wp-json\/wp\/v2\/media?parent=528"}],"curies":[{"name":"wp","href":"https:\/\/api.w.org\/{rel}","templated":true}]}}